{"version":"1.0","provider_name":"Radio Web UFPA","provider_url":"https:\/\/radio.ufpa.br","author_name":"Fabr\u00edcio Queiroz","author_url":"https:\/\/radio.ufpa.br\/index.php\/author\/fabricio\/","title":"L\u00eddia Belo","type":"rich","width":600,"height":338,"html":"<blockquote class=\"wp-embedded-content\" data-secret=\"LIKONOkMsf\"><a href=\"https:\/\/radio.ufpa.br\/index.php\/bate-papo-musical\/lidia-belo\/\">L\u00eddia Belo<\/a><\/blockquote><iframe sandbox=\"allow-scripts\" security=\"restricted\" src=\"https:\/\/radio.ufpa.br\/index.php\/bate-papo-musical\/lidia-belo\/embed\/#?secret=LIKONOkMsf\" width=\"600\" height=\"338\" title=\"&#8220;L\u00eddia Belo&#8221; &#8212; Radio Web UFPA\" data-secret=\"LIKONOkMsf\" frameborder=\"0\" marginwidth=\"0\" marginheight=\"0\" scrolling=\"no\" class=\"wp-embedded-content\"><\/iframe><script>\n\/*! This file is auto-generated *\/\n!function(d,l){\"use strict\";l.querySelector&&d.addEventListener&&\"undefined\"!=typeof URL&&(d.wp=d.wp||{},d.wp.receiveEmbedMessage||(d.wp.receiveEmbedMessage=function(e){var t=e.data;if((t||t.secret||t.message||t.value)&&!\/[^a-zA-Z0-9]\/.test(t.secret)){for(var s,r,n,a=l.querySelectorAll('iframe[data-secret=\"'+t.secret+'\"]'),o=l.querySelectorAll('blockquote[data-secret=\"'+t.secret+'\"]'),c=new RegExp(\"^https?:$\",\"i\"),i=0;i<o.length;i++)o[i].style.display=\"none\";for(i=0;i<a.length;i++)s=a[i],e.source===s.contentWindow&&(s.removeAttribute(\"style\"),\"height\"===t.message?(1e3<(r=parseInt(t.value,10))?r=1e3:~~r<200&&(r=200),s.height=r):\"link\"===t.message&&(r=new URL(s.getAttribute(\"src\")),n=new URL(t.value),c.test(n.protocol))&&n.host===r.host&&l.activeElement===s&&(d.top.location.href=t.value))}},d.addEventListener(\"message\",d.wp.receiveEmbedMessage,!1),l.addEventListener(\"DOMContentLoaded\",function(){for(var e,t,s=l.querySelectorAll(\"iframe.wp-embedded-content\"),r=0;r<s.length;r++)(t=(e=s[r]).getAttribute(\"data-secret\"))||(t=Math.random().toString(36).substring(2,12),e.src+=\"#?secret=\"+t,e.setAttribute(\"data-secret\",t)),e.contentWindow.postMessage({message:\"ready\",secret:t},\"*\")},!1)))}(window,document);\n<\/script>\n","thumbnail_url":"http:\/\/radio.ufpa.br\/wp-content\/uploads\/2017\/08\/L\u00eddia%20Belo.jpg","thumbnail_width":600,"thumbnail_height":400,"description":"O Bate-Papo Musical deste m\u00eas \u00e9 com a cantora L\u00eddia Belo, que vem despontando no cen\u00e1rio musical paraense. Prestes a lan\u00e7ar seu primeiro \u00e1lbum \"Deixa a Calmaria\", a cantora nos contou como foi sua trajet\u00f3ria at\u00e9 aqui, come\u00e7ando ainda na inf\u00e2ncia, quando, aos oito anos de idade, teve suas primeiras aulas de viol\u00e3o popular. Al\u00e9m de int\u00e9rprete, L\u00eddia tamb\u00e9m comp\u00f5e suas can\u00e7\u00f5es desde a adolesc\u00eancia, quando participou de v\u00e1rios festivais com m\u00fasicas autorais. As influ\u00eancias da m\u00fasica brasileira e regional se refletem em seu repert\u00f3rio recheado com m\u00fasicas para todos os gostos."}