{"id":165,"date":"2017-06-29T14:12:24","date_gmt":"2017-06-29T17:12:24","guid":{"rendered":"http:\/\/localhost\/?page_id=165"},"modified":"2017-07-27T15:28:22","modified_gmt":"2017-07-27T18:28:22","slug":"acervo","status":"publish","type":"page","link":"https:\/\/radio.ufpa.br\/index.php\/acervo\/","title":{"rendered":"Acervo"},"content":{"rendered":"<div id=\"afs-wrapper\">\t<div class=\"press-releases\">\t\t<form id=\"newsForm\">\t\t\t<div class=\"row\">\t\t\t\t<div class=\"col-xs-1TableRowItem2\">\t\t\t\t\t<div class=\"afs-Tabs col-xs-12\">\t\t\t\t\t\t<ul class=\"hidden-xs afs-CommonTabs\">\t\t\t\t\t\t\t<li class=\"active\"><a rel=\"todos\" href=\"#\">Tudo<\/a><\/li><li><a rel=\"memoria-musical\" href=\"#\">Mem\u00f3ria Musical<\/a><\/li><li><a rel=\"bate-papo-musical\" href=\"#\">Bate-papo Musical<\/a><\/li><li><a rel=\"eureka\" href=\"#\">Eureka !<\/a><\/li><li><a rel=\"ufpa-debate\" href=\"#\">UFPA Debate<\/a><\/li><li><a rel=\"ufpa-entrevista\" href=\"#\">UFPA Entrevista<\/a><\/li><li><a rel=\"universidade-multicampi\" href=\"#\">Universidade Multicampi<\/a><\/li><li><a rel=\"ufpa-ensino\" href=\"#\">UFPA Ensino<\/a><\/li><li><a rel=\"ufpa-comunidade\" href=\"#\">UFPA Comunidade<\/a><\/li><li><a rel=\"espaco-experimental\" href=\"#\">Espa\u00e7o Experimental<\/a><\/li><li><a rel=\"ufpa-pesquisa\" href=\"#\">UFPA Pesquisa<\/a><\/li><li><a rel=\"ufpa-na-madrugada\" href=\"#\">UFPA na Madrugada<\/a><\/li><li><a rel=\"escurinho-do-cinema\" href=\"#\">Escurinho do Cinema<\/a><\/li><li><a rel=\"ciencia-legal\" href=\"#\">Ci\u00eancia Legal<\/a><\/li><li><a rel=\"ufpa-noticias\" href=\"#\">UFPA Not\u00edcias<\/a><\/li><li><a rel=\"saest-e-voce\" href=\"#\">SAEST e Voc\u00ea<\/a><\/li><li><a rel=\"podcast-conto-ribeirinho\" href=\"#\">Podcast Conto Ribeirinho<\/a><\/li><li><a rel=\"interprogramas\" href=\"#\">Interprogramas<\/a><\/li><li><a rel=\"sintonia-enem\" href=\"#\">Sintonia Enem<\/a><\/li><li><a rel=\"jazz-e-cia\" href=\"#\">Jazz e Cia<\/a><\/li><li><a rel=\"toque-classico\" href=\"#\">Um toque de cl\u00e1ssicos<\/a><\/li><li><a rel=\"olho-dagua\" href=\"#\">Olho d'\u00c1gua<\/a><\/li><li><a rel=\"listao-pse-iq-ufpa-2025\" href=\"#\">LIST\u00c3O PSE IQ UFPA 2025<\/a><\/li><li><a rel=\"radio-curupira\" href=\"#\">R\u00e1dio Curupira<\/a><\/li><li><a rel=\"eventos\" href=\"#\">Eventos<\/a><\/li><li><a rel=\"cop-30\" href=\"#\">COP-30<\/a><\/li><li><a rel=\"vozes-em-pauta-painel\" href=\"#\">Vozes em Pauta \u2013 Painel<\/a><\/li><li><a rel=\"vozes-em-pauta-boletim\" href=\"#\">Vozes em Pauta \u2013 Boletim<\/a><\/li><li><a rel=\"giro-ufpa\" href=\"#\">Giro UFPA<\/a><\/li>\t\t\t\t\t\t<\/ul>\t\t\t\t\t\t<input type=\"hidden\" name=\"filingType\" \/>\t\t\t\t\t\t<div class=\"form-group visible-xs\" style=\"margin-left: -15px;\">\t\t\t\t\t\t\t<label for=\"category\"><strong>Exibir:&nbsp;<\/strong><\/label>\t\t\t\t\t\t\t<select name=\"category\">\t\t\t\t\t\t\t\t<option value=\"all\">Tudo<\/option><option value=\"memoria-musical\">Mem\u00f3ria Musical<\/option><option value=\"bate-papo-musical\">Bate-papo Musical<\/option><option value=\"eureka\">Eureka !<\/option><option value=\"ufpa-debate\">UFPA Debate<\/option><option value=\"ufpa-entrevista\">UFPA Entrevista<\/option><option value=\"universidade-multicampi\">Universidade Multicampi<\/option><option value=\"ufpa-ensino\">UFPA Ensino<\/option><option value=\"ufpa-comunidade\">UFPA Comunidade<\/option><option value=\"espaco-experimental\">Espa\u00e7o Experimental<\/option><option value=\"ufpa-pesquisa\">UFPA Pesquisa<\/option><option value=\"ufpa-na-madrugada\">UFPA na Madrugada<\/option><option value=\"escurinho-do-cinema\">Escurinho do Cinema<\/option><option value=\"ciencia-legal\">Ci\u00eancia Legal<\/option><option value=\"ufpa-noticias\">UFPA Not\u00edcias<\/option><option value=\"saest-e-voce\">SAEST e Voc\u00ea<\/option><option value=\"podcast-conto-ribeirinho\">Podcast Conto Ribeirinho<\/option><option value=\"interprogramas\">Interprogramas<\/option><option value=\"sintonia-enem\">Sintonia Enem<\/option><option value=\"jazz-e-cia\">Jazz e Cia<\/option><option value=\"toque-classico\">Um toque de cl\u00e1ssicos<\/option><option value=\"olho-dagua\">Olho d'\u00c1gua<\/option><option value=\"listao-pse-iq-ufpa-2025\">LIST\u00c3O PSE IQ UFPA 2025<\/option><option value=\"radio-curupira\">R\u00e1dio Curupira<\/option><option value=\"eventos\">Eventos<\/option><option value=\"cop-30\">COP-30<\/option><option value=\"vozes-em-pauta-painel\">Vozes em Pauta \u2013 Painel<\/option><option value=\"vozes-em-pauta-boletim\">Vozes em Pauta \u2013 Boletim<\/option><option value=\"giro-ufpa\">Giro UFPA<\/option>\t\t\t\t\t\t\t<\/select>\t\t\t\t\t\t<\/div>\t\t\t\t\t<\/div>\t\t\t\t\t<div class=\"afs-Filters col-xs-12\">\t\t\t\t\t\t<div class=\"row\">\t\t\t\t\t\t\t<div class=\"afs-FilterPanel1 col-xs-12 col-sm-12\">\t\t\t\t\t\t\t\t<h5>Buscar<\/h5>\t\t\t\t\t\t\t\t<div class=\"\">\t\t\t\t\t\t\t\t\t<div class=\"row rowtop\">\t\t\t\t\t\t\t\t\t\t<!-- SEARCH -->\t\t\t\t\t\t\t\t\t\t<div class=\"form-group-inline has-feedback\">\t\t\t\t\t\t\t\t\t\t\t<div class=\"col-xs-12 col-sm-5\">\t\t\t\t\t\t\t\t\t\t\t\t<input type=\"text\" class=\"form-control\" name=\"filterBy\">\t\t\t\t\t\t\t\t\t\t\t\t<span style=\"background: #f1b45c;\" class=\"fa fa-search form-control-feedback filterBy\"><\/span>\t\t\t\t\t\t\t\t\t\t\t<\/div>\t\t\t\t\t\t\t\t\t\t<\/div>\t\t\t\t\t\t\t\t\t\t<!-- END SEARCH -->\t\t\t\t\t\t\t\t\t\t<!-- FILTER: MONTHS -->\t\t\t\t\t\t\t\t\t\t<div class=\"form-group-inline\">\t\t\t\t\t\t\t\t\t\t\t<div class=\"col-xs-12 col-sm-4\">\t\t\t\t\t\t\t\t\t\t\t\t<select class=\"form-control\" name=\"filterMonths\">\t\t\t\t\t\t\t\t\t\t\t\t\t<option value=\"\">Todos os meses<\/option>\t\t\t\t\t\t\t\t\t\t\t\t\t<option value=\"1\">Janeiro<\/option>\t\t\t\t\t\t\t\t\t\t\t\t\t<option value=\"2\">Fevereiro<\/option>\t\t\t\t\t\t\t\t\t\t\t\t\t<option value=\"3\">Mar\u00e7o<\/option>\t\t\t\t\t\t\t\t\t\t\t\t\t<option value=\"4\">Abril<\/option>\t\t\t\t\t\t\t\t\t\t\t\t\t<option value=\"5\">Maio<\/option>\t\t\t\t\t\t\t\t\t\t\t\t\t<option value=\"6\">Junho<\/option>\t\t\t\t\t\t\t\t\t\t\t\t\t<option value=\"7\">Julho<\/option>\t\t\t\t\t\t\t\t\t\t\t\t\t<option value=\"8\">Agosto<\/option>\t\t\t\t\t\t\t\t\t\t\t\t\t<option value=\"9\">Setembro<\/option>\t\t\t\t\t\t\t\t\t\t\t\t\t<option value=\"10\">Outubro<\/option>\t\t\t\t\t\t\t\t\t\t\t\t\t<option value=\"11\">Novembro<\/option>\t\t\t\t\t\t\t\t\t\t\t\t\t<option value=\"12\">Dezembro<\/option>\t\t\t\t\t\t\t\t\t\t\t\t<\/select>\t\t\t\t\t\t\t\t\t\t\t<\/div>\t\t\t\t\t\t\t\t\t\t<\/div>\t\t\t\t\t\t\t\t\t\t<!-- END FILTER: MONTHS -->\t\t\t\t\t\t\t\t\t\t<!-- FILTER: YEARS -->\t\t\t\t\t\t\t\t\t\t<div class=\"form-group-inline\">\t\t\t\t\t\t\t\t\t\t\t<div class=\"col-xs-12 col-sm-3\">\t\t\t\t\t\t\t\t\t\t\t\t<select class=\"form-control\" name=\"filterYears\">\t\t\t\t\t\t\t\t\t\t\t\t\t<option value=\"\">Todos os anos<\/option><option value=\"2026\"><a href='https:\/\/radio.ufpa.br\/index.php\/2026\/'>2026<\/a><\/option><option value=\"2025\"><a href='https:\/\/radio.ufpa.br\/index.php\/2025\/'>2025<\/a><\/option><option value=\"2024\"><a href='https:\/\/radio.ufpa.br\/index.php\/2024\/'>2024<\/a><\/option><option value=\"2023\"><a href='https:\/\/radio.ufpa.br\/index.php\/2023\/'>2023<\/a><\/option><option value=\"2022\"><a href='https:\/\/radio.ufpa.br\/index.php\/2022\/'>2022<\/a><\/option><option value=\"2021\"><a href='https:\/\/radio.ufpa.br\/index.php\/2021\/'>2021<\/a><\/option><option value=\"2020\"><a href='https:\/\/radio.ufpa.br\/index.php\/2020\/'>2020<\/a><\/option><option value=\"2019\"><a href='https:\/\/radio.ufpa.br\/index.php\/2019\/'>2019<\/a><\/option><option value=\"2018\"><a href='https:\/\/radio.ufpa.br\/index.php\/2018\/'>2018<\/a><\/option><option value=\"2017\"><a href='https:\/\/radio.ufpa.br\/index.php\/2017\/'>2017<\/a><\/option><option value=\"2016\"><a href='https:\/\/radio.ufpa.br\/index.php\/2016\/'>2016<\/a><\/option><option value=\"2015\"><a href='https:\/\/radio.ufpa.br\/index.php\/2015\/'>2015<\/a><\/option><option value=\"2014\"><a href='https:\/\/radio.ufpa.br\/index.php\/2014\/'>2014<\/a><\/option><option value=\"2013\"><a href='https:\/\/radio.ufpa.br\/index.php\/2013\/'>2013<\/a><\/option><option value=\"2012\"><a href='https:\/\/radio.ufpa.br\/index.php\/2012\/'>2012<\/a><\/option><option value=\"2011\"><a href='https:\/\/radio.ufpa.br\/index.php\/2011\/'>2011<\/a><\/option><option value=\"2010\"><a href='https:\/\/radio.ufpa.br\/index.php\/2010\/'>2010<\/a><\/option><option value=\"206\"><a href='https:\/\/radio.ufpa.br\/index.php\/206\/'>206<\/a><\/option>\t\t\t\t\t\t\t\t\t\t\t\t<\/select>\t\t\t\t\t\t\t\t\t\t\t<\/div>\t\t\t\t\t\t\t\t\t\t<\/div>\t\t\t\t\t\t\t\t\t\t<!-- END FILTER: YEARS -->                   \t\t\t\t<\/div>                \t\t\t\t<\/div>       \t\t\t\t\t\t<div class=\"row\">            \t\t\t\t\t\t<div class=\"col-sm-12\">                \t\t\t\t\t\t<div class=\"pull-right\">                   \t\t\t\t\t\t<button type=\"button\" id=\"updateBtn\" class=\"btn btn-primary\">Filtrar<\/button>\t\t\t\t\t\t\t\t\t\t\t<button type=\"button\" id=\"resetBtn\" class=\"btn btn-default reset\">limpar<\/button>               \t\t\t\t\t\t<\/div>               \t\t\t\t\t\t<div class=\"clearfix\"><\/div>                 \t\t\t\t\t<\/div>          \t\t\t\t\t\t<\/div>         \t\t\t\t\t<\/div>\t\t\t\t\t\t<\/div>\t\t\t\t\t<\/div>\t\t\t\t<\/div><!-- END .col-xs-1TableRowItem2 -->\t\t\t\t<div class=\"clearfix\"><\/div>\t\t\t\t<div id=\"newsViewOptionsPanel\" class=\"afs-Switch col-xs-12\" style=\"display: block;\">\t\t\t\t\t<ul class=\"pull-right\">\t\t\t\t\t\t<li class=\"active\"><a rel=\"listPR\" href=\"javascript:;\"><span class=\"fa fa-list-ul\"><\/span>&nbsp;Ver em lista<\/a><\/li>\t\t\t\t\t\t<li><a rel=\"gridPR\" href=\"javascript:;\"><span class=\"fa fa-th\"><\/span>&nbsp;Ver em grade<\/a><\/li>\t\t\t\t\t<\/ul>\t\t\t\t<\/div>\t\t\t\t<div class=\"clearfix\"><\/div>\t\t\t\t<div class=\"afs-Panel afs-Panel_all col-xs-12\">\t\t\t\t\t<div id=\"newsPanel\" class=\"scroll\">\t\t\t\t\t\t<div class=\"afs-TableWrapper\" style=\"display: block;\">\t\t\t\t\t\t\t<div class=\"row\">\t\t\t\t\t\t\t\t<div class=\"afs-Table col-xs-12\" style=\"padding-left:0; padding-right:0;\">\t\t\t\t\t\t\t\t\t<div class=\"afs-TableHeader col-sm-12 hidden-xs\" style=\"padding-left: 0; padding-right: 0;\">\t\t\t\t\t\t\t\t\t\t<div class=\"col-xs-2\">Data<\/div>\t\t\t\t\t\t\t\t\t\t<div class=\"col-xs-10\">T\u00edtulo<\/div>\t\t\t\t\t\t\t\t\t<\/div>\t\t\t\t\t\t\t\t\t<div class=\"clearfix\"><\/div>\t\t\t\t\t\t\t\t\t<div id=\"newsPanelResults\" class=\"jscroll-inner\">\t\t\t\t\t\t\t\t\t\t<div id=\"post-18357\" class=\"afs-Loadingdata  afs-HasGA  afs-TableRowItem  gridPR1  post-18357  post  type-post  status-publish  format-standard  has-post-thumbnail  hentry  category-giro-ufpa\" role=\"article\" itemscope itemtype=\"http:\/\/schema.org\/BlogPosting\" style=\"margin-left:0;\"><div class=\"prDateCol col-sm-2\">\n\t<div class=\"visible-xs afs-Divider\"><\/div>\n\t\t<div class=\"afs-PRDate\">5\/01\/2026<\/div>\n\t\t<div class=\"afs-PRTimezone\"><span class=\"afs-PRTime\">7:54 pm<\/span><\/div>\n   \t<\/div>\n\n\t<div class=\"col-sm-10\">\n\t\t<h6>\n\t\t\tGiro UFPA\t\t<\/h6>\n\n\t\t<h4><a href=\"https:\/\/radio.ufpa.br\/index.php\/giro-ufpa\/giro-ufpa-boletim-01-05-a-07-05\/\" class=\"afs-GaLabel afs-EventTracking afs-GaHasFile\" data-GaFID=\"18357\">GIRO UFPA \u2013 Boletim (01\/05 a 07\/05)<\/a><\/h4>\n \t\t<div class=\"prDateRow\">\n      \t\t<div class=\"afs-PRDate\">5\/01\/2026<\/div>\n      \t<\/div>\n   \t\t<div class=\"afs-PRTools\">\n        \t     \t\t<ul>\n    \t\t\t<li class=\"hideFromGrid last\"><a class=\"showSummary\" href=\"#\"><span class=\"fa fa-plus-square\"><\/span>&nbsp;Resumo<\/a><\/li>\n \t\t\t<\/ul>\n              \t\t\t<div class=\"clearfix\"><\/div>\n    \t<\/div>\n\n \t\t<div class=\"afs-PRSummary afs-Hidden\">\n\t\t\t<p>\"GIRO UFPA\"BoletimR\u00e1dio Web UFPA O boletim GIRO UFPA abre o m\u00eas de maio com destaques da agenda da maior do Norte em poucos minutos! Na edi\u00e7\u00e3o desta semana, a gente informa e convida...<\/p>\n   \t\t\t\t<a href=\"https:\/\/radio.ufpa.br\/index.php\/giro-ufpa\/giro-ufpa-boletim-01-05-a-07-05\/\" class=\"afs-EventTracking afs-GaHasTitle\" data-GaTitle=\"HTM\"><span class=\"fa fa-chevron-right\"><\/span>&nbsp;Leia mais<\/a>\n      \t<\/div>\n    \t\n<\/div><div class=\"clearfix\"><\/div><\/div><div id=\"post-18349\" class=\"afs-Loadingdata  afs-HasGA  afs-TableRowItem  gridPR2  post-18349  post  type-post  status-publish  format-standard  has-post-thumbnail  hentry  category-giro-ufpa\" role=\"article\" itemscope itemtype=\"http:\/\/schema.org\/BlogPosting\" style=\"\"><div class=\"prDateCol col-sm-2\">\n\t<div class=\"visible-xs afs-Divider\"><\/div>\n\t\t<div class=\"afs-PRDate\">4\/29\/2026<\/div>\n\t\t<div class=\"afs-PRTimezone\"><span class=\"afs-PRTime\">12:56 pm<\/span><\/div>\n   \t<\/div>\n\n\t<div class=\"col-sm-10\">\n\t\t<h6>\n\t\t\tGiro UFPA\t\t<\/h6>\n\n\t\t<h4><a href=\"https:\/\/radio.ufpa.br\/index.php\/giro-ufpa\/giro-ufpa-boletim-24-04-a-30-04\/\" class=\"afs-GaLabel afs-EventTracking afs-GaHasFile\" data-GaFID=\"18349\">GIRO UFPA \u2013 Boletim (24\/04 a 30\/04)<\/a><\/h4>\n \t\t<div class=\"prDateRow\">\n      \t\t<div class=\"afs-PRDate\">4\/29\/2026<\/div>\n      \t<\/div>\n   \t\t<div class=\"afs-PRTools\">\n        \t     \t\t<ul>\n    \t\t\t<li class=\"hideFromGrid last\"><a class=\"showSummary\" href=\"#\"><span class=\"fa fa-plus-square\"><\/span>&nbsp;Resumo<\/a><\/li>\n \t\t\t<\/ul>\n              \t\t\t<div class=\"clearfix\"><\/div>\n    \t<\/div>\n\n \t\t<div class=\"afs-PRSummary afs-Hidden\">\n\t\t\t<p>\"Giro UFPA\"BoletimR\u00e1dio Web UFPA O boletim GIRO UFPA chega com os destaques da maior do Norte em poucos minutos!&nbsp; Na edi\u00e7\u00e3o desta semana, o Giro fala de eventos que voc\u00ea n\u00e3o pode...<\/p>\n   \t\t\t\t<a href=\"https:\/\/radio.ufpa.br\/index.php\/giro-ufpa\/giro-ufpa-boletim-24-04-a-30-04\/\" class=\"afs-EventTracking afs-GaHasTitle\" data-GaTitle=\"HTM\"><span class=\"fa fa-chevron-right\"><\/span>&nbsp;Leia mais<\/a>\n      \t<\/div>\n    \t\n<\/div><div class=\"clearfix\"><\/div><\/div><div id=\"post-18337\" class=\"afs-Loadingdata  afs-HasGA  afs-TableRowItem  gridPR3  post-18337  post  type-post  status-publish  format-standard  has-post-thumbnail  hentry  category-giro-ufpa\" role=\"article\" itemscope itemtype=\"http:\/\/schema.org\/BlogPosting\" style=\"\"><div class=\"prDateCol col-sm-2\">\n\t<div class=\"visible-xs afs-Divider\"><\/div>\n\t\t<div class=\"afs-PRDate\">4\/17\/2026<\/div>\n\t\t<div class=\"afs-PRTimezone\"><span class=\"afs-PRTime\">1:56 pm<\/span><\/div>\n   \t<\/div>\n\n\t<div class=\"col-sm-10\">\n\t\t<h6>\n\t\t\tGiro UFPA\t\t<\/h6>\n\n\t\t<h4><a href=\"https:\/\/radio.ufpa.br\/index.php\/giro-ufpa\/giro-ufpa-oportunidades-intercambio\/\" class=\"afs-GaLabel afs-EventTracking afs-GaHasFile\" data-GaFID=\"18337\">GIRO UFPA \u2013 Boletim (17\/04 a 23\/04)<\/a><\/h4>\n \t\t<div class=\"prDateRow\">\n      \t\t<div class=\"afs-PRDate\">4\/17\/2026<\/div>\n      \t<\/div>\n   \t\t<div class=\"afs-PRTools\">\n        \t     \t\t<ul>\n    \t\t\t<li class=\"hideFromGrid last\"><a class=\"showSummary\" href=\"#\"><span class=\"fa fa-plus-square\"><\/span>&nbsp;Resumo<\/a><\/li>\n \t\t\t<\/ul>\n              \t\t\t<div class=\"clearfix\"><\/div>\n    \t<\/div>\n\n \t\t<div class=\"afs-PRSummary afs-Hidden\">\n\t\t\t<p>\"Giro UFPA\"BoletimR\u00e1dio Web UFPA O boletim GIRO UFPA chega com os destaques da maior do Norte em poucos minutos! Na edi\u00e7\u00e3o desta semana, o Giro fala de editais, novidades e eventos que...<\/p>\n   \t\t\t\t<a href=\"https:\/\/radio.ufpa.br\/index.php\/giro-ufpa\/giro-ufpa-oportunidades-intercambio\/\" class=\"afs-EventTracking afs-GaHasTitle\" data-GaTitle=\"HTM\"><span class=\"fa fa-chevron-right\"><\/span>&nbsp;Leia mais<\/a>\n      \t<\/div>\n    \t\n<\/div><div class=\"clearfix\"><\/div><\/div><div class=\"clearfix\"><\/div><div id=\"post-18307\" class=\"afs-Loadingdata  afs-HasGA  afs-TableRowItem  gridPR4  post-18307  post  type-post  status-publish  format-standard  has-post-thumbnail  hentry  category-giro-ufpa\" role=\"article\" itemscope itemtype=\"http:\/\/schema.org\/BlogPosting\" style=\"margin-left:0;\"><div class=\"prDateCol col-sm-2\">\n\t<div class=\"visible-xs afs-Divider\"><\/div>\n\t\t<div class=\"afs-PRDate\">4\/10\/2026<\/div>\n\t\t<div class=\"afs-PRTimezone\"><span class=\"afs-PRTime\">8:02 pm<\/span><\/div>\n   \t<\/div>\n\n\t<div class=\"col-sm-10\">\n\t\t<h6>\n\t\t\tGiro UFPA\t\t<\/h6>\n\n\t\t<h4><a href=\"https:\/\/radio.ufpa.br\/index.php\/giro-ufpa\/giro-ufpa-boletim-10-04-a-16-04\/\" class=\"afs-GaLabel afs-EventTracking afs-GaHasFile\" data-GaFID=\"18307\">Giro UFPA \u2013 Boletim (10\/04 a 16\/04)<\/a><\/h4>\n \t\t<div class=\"prDateRow\">\n      \t\t<div class=\"afs-PRDate\">4\/10\/2026<\/div>\n      \t<\/div>\n   \t\t<div class=\"afs-PRTools\">\n        \t     \t\t<ul>\n    \t\t\t<li class=\"hideFromGrid last\"><a class=\"showSummary\" href=\"#\"><span class=\"fa fa-plus-square\"><\/span>&nbsp;Resumo<\/a><\/li>\n \t\t\t<\/ul>\n              \t\t\t<div class=\"clearfix\"><\/div>\n    \t<\/div>\n\n \t\t<div class=\"afs-PRSummary afs-Hidden\">\n\t\t\t<p>\"Giro UFPA\"BoletimR\u00e1dio Web UFPA O GIRO UFPA chega com os destaques da maior do Norte em poucos minutos! Na edi\u00e7\u00e3o desta semana, o Giro fala de oportunidades, editais, bolsas e...<\/p>\n   \t\t\t\t<a href=\"https:\/\/radio.ufpa.br\/index.php\/giro-ufpa\/giro-ufpa-boletim-10-04-a-16-04\/\" class=\"afs-EventTracking afs-GaHasTitle\" data-GaTitle=\"HTM\"><span class=\"fa fa-chevron-right\"><\/span>&nbsp;Leia mais<\/a>\n      \t<\/div>\n    \t\n<\/div><div class=\"clearfix\"><\/div><\/div><div id=\"post-18297\" class=\"afs-Loadingdata  afs-HasGA  afs-TableRowItem  gridPR5  post-18297  post  type-post  status-publish  format-standard  has-post-thumbnail  hentry  category-giro-ufpa\" role=\"article\" itemscope itemtype=\"http:\/\/schema.org\/BlogPosting\" style=\"\"><div class=\"prDateCol col-sm-2\">\n\t<div class=\"visible-xs afs-Divider\"><\/div>\n\t\t<div class=\"afs-PRDate\">4\/03\/2026<\/div>\n\t\t<div class=\"afs-PRTimezone\"><span class=\"afs-PRTime\">7:00 pm<\/span><\/div>\n   \t<\/div>\n\n\t<div class=\"col-sm-10\">\n\t\t<h6>\n\t\t\tGiro UFPA\t\t<\/h6>\n\n\t\t<h4><a href=\"https:\/\/radio.ufpa.br\/index.php\/giro-ufpa\/giro-ufpa-boletim-03-04-a-09-04\/\" class=\"afs-GaLabel afs-EventTracking afs-GaHasFile\" data-GaFID=\"18297\">Giro UFPA \u2013 Boletim (03\/04 a 09\/04)<\/a><\/h4>\n \t\t<div class=\"prDateRow\">\n      \t\t<div class=\"afs-PRDate\">4\/03\/2026<\/div>\n      \t<\/div>\n   \t\t<div class=\"afs-PRTools\">\n        \t     \t\t<ul>\n    \t\t\t<li class=\"hideFromGrid last\"><a class=\"showSummary\" href=\"#\"><span class=\"fa fa-plus-square\"><\/span>&nbsp;Resumo<\/a><\/li>\n \t\t\t<\/ul>\n              \t\t\t<div class=\"clearfix\"><\/div>\n    \t<\/div>\n\n \t\t<div class=\"afs-PRSummary afs-Hidden\">\n\t\t\t<p>\"Giro UFPA\"BoletimR\u00e1dio Web UFPA O boletim GIRO UFPA, que volta agora a ser semanal, chega com os destaques da maior do Norte em poucos minutos! Na edi\u00e7\u00e3o desta semana, o Giro fala de...<\/p>\n   \t\t\t\t<a href=\"https:\/\/radio.ufpa.br\/index.php\/giro-ufpa\/giro-ufpa-boletim-03-04-a-09-04\/\" class=\"afs-EventTracking afs-GaHasTitle\" data-GaTitle=\"HTM\"><span class=\"fa fa-chevron-right\"><\/span>&nbsp;Leia mais<\/a>\n      \t<\/div>\n    \t\n<\/div><div class=\"clearfix\"><\/div><\/div><div id=\"post-18264\" class=\"afs-Loadingdata  afs-HasGA  afs-TableRowItem  gridPR6  post-18264  post  type-post  status-publish  format-standard  has-post-thumbnail  hentry  category-giro-ufpa\" role=\"article\" itemscope itemtype=\"http:\/\/schema.org\/BlogPosting\" style=\"\"><div class=\"prDateCol col-sm-2\">\n\t<div class=\"visible-xs afs-Divider\"><\/div>\n\t\t<div class=\"afs-PRDate\">3\/02\/2026<\/div>\n\t\t<div class=\"afs-PRTimezone\"><span class=\"afs-PRTime\">3:23 pm<\/span><\/div>\n   \t<\/div>\n\n\t<div class=\"col-sm-10\">\n\t\t<h6>\n\t\t\tGiro UFPA\t\t<\/h6>\n\n\t\t<h4><a href=\"https:\/\/radio.ufpa.br\/index.php\/giro-ufpa\/giro-ufpa-boletim-27-02-a-23-03\/\" class=\"afs-GaLabel afs-EventTracking afs-GaHasFile\" data-GaFID=\"18264\">GIRO UFPA \u2013 Boletim (27\/02 a 23\/03)<\/a><\/h4>\n \t\t<div class=\"prDateRow\">\n      \t\t<div class=\"afs-PRDate\">3\/02\/2026<\/div>\n      \t<\/div>\n   \t\t<div class=\"afs-PRTools\">\n        \t     \t\t<ul>\n    \t\t\t<li class=\"hideFromGrid last\"><a class=\"showSummary\" href=\"#\"><span class=\"fa fa-plus-square\"><\/span>&nbsp;Resumo<\/a><\/li>\n \t\t\t<\/ul>\n              \t\t\t<div class=\"clearfix\"><\/div>\n    \t<\/div>\n\n \t\t<div class=\"afs-PRSummary afs-Hidden\">\n\t\t\t<p>\"Giro UFPA\"BoletimR\u00e1dio Web UFPA O boletim GIRO UFPA est\u00e1 de volta com os destaques da maior do Norte em poucos minutos! Na edi\u00e7\u00e3o que est\u00e1 no ar, te atualizamos sobre algumas...<\/p>\n   \t\t\t\t<a href=\"https:\/\/radio.ufpa.br\/index.php\/giro-ufpa\/giro-ufpa-boletim-27-02-a-23-03\/\" class=\"afs-EventTracking afs-GaHasTitle\" data-GaTitle=\"HTM\"><span class=\"fa fa-chevron-right\"><\/span>&nbsp;Leia mais<\/a>\n      \t<\/div>\n    \t\n<\/div><div class=\"clearfix\"><\/div><\/div><div class=\"clearfix\"><\/div><div id=\"post-18256\" class=\"afs-Loadingdata  afs-HasGA  afs-TableRowItem  gridPR7  post-18256  post  type-post  status-publish  format-standard  has-post-thumbnail  hentry  category-giro-ufpa\" role=\"article\" itemscope itemtype=\"http:\/\/schema.org\/BlogPosting\" style=\"margin-left:0;\"><div class=\"prDateCol col-sm-2\">\n\t<div class=\"visible-xs afs-Divider\"><\/div>\n\t\t<div class=\"afs-PRDate\">2\/15\/2026<\/div>\n\t\t<div class=\"afs-PRTimezone\"><span class=\"afs-PRTime\">1:25 pm<\/span><\/div>\n   \t<\/div>\n\n\t<div class=\"col-sm-10\">\n\t\t<h6>\n\t\t\tGiro UFPA\t\t<\/h6>\n\n\t\t<h4><a href=\"https:\/\/radio.ufpa.br\/index.php\/giro-ufpa\/giro-ufpa-boletim-13-02-a-27-02\/\" class=\"afs-GaLabel afs-EventTracking afs-GaHasFile\" data-GaFID=\"18256\">Giro UFPA \u2013 Boletim (13\/02 a 27\/02)<\/a><\/h4>\n \t\t<div class=\"prDateRow\">\n      \t\t<div class=\"afs-PRDate\">2\/15\/2026<\/div>\n      \t<\/div>\n   \t\t<div class=\"afs-PRTools\">\n        \t     \t\t<ul>\n    \t\t\t<li class=\"hideFromGrid last\"><a class=\"showSummary\" href=\"#\"><span class=\"fa fa-plus-square\"><\/span>&nbsp;Resumo<\/a><\/li>\n \t\t\t<\/ul>\n              \t\t\t<div class=\"clearfix\"><\/div>\n    \t<\/div>\n\n \t\t<div class=\"afs-PRSummary afs-Hidden\">\n\t\t\t<p>\"Giro UFPA\"BoletimR\u00e1dio Web UFPA O boletim GIRO UFPA est\u00e1 de volta com os destaques da maior do Norte em poucos minutos! Na edi\u00e7\u00e3o de hoje, te atualizamos sobre algumas informa\u00e7\u00f5es...<\/p>\n   \t\t\t\t<a href=\"https:\/\/radio.ufpa.br\/index.php\/giro-ufpa\/giro-ufpa-boletim-13-02-a-27-02\/\" class=\"afs-EventTracking afs-GaHasTitle\" data-GaTitle=\"HTM\"><span class=\"fa fa-chevron-right\"><\/span>&nbsp;Leia mais<\/a>\n      \t<\/div>\n    \t\n<\/div><div class=\"clearfix\"><\/div><\/div><div id=\"post-18240\" class=\"afs-Loadingdata  afs-HasGA  afs-TableRowItem  gridPR8  post-18240  post  type-post  status-publish  format-standard  hentry  category-ufpa-entrevista\" role=\"article\" itemscope itemtype=\"http:\/\/schema.org\/BlogPosting\" style=\"\"><div class=\"prDateCol col-sm-2\">\n\t<div class=\"visible-xs afs-Divider\"><\/div>\n\t\t<div class=\"afs-PRDate\">1\/20\/2026<\/div>\n\t\t<div class=\"afs-PRTimezone\"><span class=\"afs-PRTime\">2:42 pm<\/span><\/div>\n   \t<\/div>\n\n\t<div class=\"col-sm-10\">\n\t\t<h6>\n\t\t\tUFPA Entrevista\t\t<\/h6>\n\n\t\t<h4><a href=\"https:\/\/radio.ufpa.br\/index.php\/ufpa-entrevista\/nostalgia-belem\/\" class=\"afs-GaLabel afs-EventTracking afs-GaHasFile\" data-GaFID=\"18240\">Nostalgia Bel\u00e9m<\/a><\/h4>\n \t\t<div class=\"prDateRow\">\n      \t\t<div class=\"afs-PRDate\">1\/20\/2026<\/div>\n      \t<\/div>\n   \t\t<div class=\"afs-PRTools\">\n        \t     \t\t<ul>\n    \t\t\t<li class=\"hideFromGrid last\"><a class=\"showSummary\" href=\"#\"><span class=\"fa fa-plus-square\"><\/span>&nbsp;Resumo<\/a><\/li>\n \t\t\t<\/ul>\n              \t\t\t<div class=\"clearfix\"><\/div>\n    \t<\/div>\n\n \t\t<div class=\"afs-PRSummary afs-Hidden\">\n\t\t\t<p>\"Nostalgia Bel\u00e9m\"UFPA EntrevistaR\u00e1dio Web UFPA Acompanhe a entrevista com Robson Santos na R\u00e1dio Web UFPA. Robson \u00e9 criador do portal Nostalgia Bel\u00e9m, respons\u00e1vel por divulgar e abordar...<\/p>\n   \t\t\t\t<a href=\"https:\/\/radio.ufpa.br\/index.php\/ufpa-entrevista\/nostalgia-belem\/\" class=\"afs-EventTracking afs-GaHasTitle\" data-GaTitle=\"HTM\"><span class=\"fa fa-chevron-right\"><\/span>&nbsp;Leia mais<\/a>\n      \t<\/div>\n    \t\n<\/div><div class=\"clearfix\"><\/div><\/div><div id=\"post-18237\" class=\"afs-Loadingdata  afs-HasGA  afs-TableRowItem  gridPR9  post-18237  post  type-post  status-publish  format-standard  has-post-thumbnail  hentry  category-espaco-experimental\" role=\"article\" itemscope itemtype=\"http:\/\/schema.org\/BlogPosting\" style=\"\"><div class=\"prDateCol col-sm-2\">\n\t<div class=\"visible-xs afs-Divider\"><\/div>\n\t\t<div class=\"afs-PRDate\">1\/19\/2026<\/div>\n\t\t<div class=\"afs-PRTimezone\"><span class=\"afs-PRTime\">2:31 pm<\/span><\/div>\n   \t<\/div>\n\n\t<div class=\"col-sm-10\">\n\t\t<h6>\n\t\t\tEspa\u00e7o Experimental\t\t<\/h6>\n\n\t\t<h4><a href=\"https:\/\/radio.ufpa.br\/index.php\/espaco-experimental\/conheca-o-espaco-experimental\/\" class=\"afs-GaLabel afs-EventTracking afs-GaHasFile\" data-GaFID=\"18237\">Conhe\u00e7a o Espa\u00e7o Experimental<\/a><\/h4>\n \t\t<div class=\"prDateRow\">\n      \t\t<div class=\"afs-PRDate\">1\/19\/2026<\/div>\n      \t<\/div>\n   \t\t<div class=\"afs-PRTools\">\n        \t     \t\t<ul>\n    \t\t\t<li class=\"hideFromGrid last\"><a class=\"showSummary\" href=\"#\"><span class=\"fa fa-plus-square\"><\/span>&nbsp;Resumo<\/a><\/li>\n \t\t\t<\/ul>\n              \t\t\t<div class=\"clearfix\"><\/div>\n    \t<\/div>\n\n \t\t<div class=\"afs-PRSummary afs-Hidden\">\n\t\t\t<p>Venha saber mais do Espa\u00e7o Experimental da R\u00e1dio Web UFPA O Espa\u00e7o Experimental est\u00e1 de cara nova, e para essa reformuala\u00e7\u00e3o, estamos disponibilizando a divulga\u00e7\u00e3o de produ\u00e7\u00f5es...<\/p>\n   \t\t\t\t<a href=\"https:\/\/radio.ufpa.br\/index.php\/espaco-experimental\/conheca-o-espaco-experimental\/\" class=\"afs-EventTracking afs-GaHasTitle\" data-GaTitle=\"HTM\"><span class=\"fa fa-chevron-right\"><\/span>&nbsp;Leia mais<\/a>\n      \t<\/div>\n    \t\n<\/div><div class=\"clearfix\"><\/div><\/div><div class=\"clearfix\"><\/div><div id=\"post-18175\" class=\"afs-Loadingdata  afs-HasGA  afs-TableRowItem  gridPR10  post-18175  post  type-post  status-publish  format-standard  has-post-thumbnail  hentry  category-ufpa-entrevista\" role=\"article\" itemscope itemtype=\"http:\/\/schema.org\/BlogPosting\" style=\"margin-left:0;\"><div class=\"prDateCol col-sm-2\">\n\t<div class=\"visible-xs afs-Divider\"><\/div>\n\t\t<div class=\"afs-PRDate\">11\/27\/2025<\/div>\n\t\t<div class=\"afs-PRTimezone\"><span class=\"afs-PRTime\">5:15 pm<\/span><\/div>\n   \t<\/div>\n\n\t<div class=\"col-sm-10\">\n\t\t<h6>\n\t\t\tUFPA Entrevista\t\t<\/h6>\n\n\t\t<h4><a href=\"https:\/\/radio.ufpa.br\/index.php\/ufpa-entrevista\/reitor-faz-balanco-da-participacao-da-ufpa-na-cop-30\/\" class=\"afs-GaLabel afs-EventTracking afs-GaHasFile\" data-GaFID=\"18175\">Reitor faz balan\u00e7o da UFPA na COP<\/a><\/h4>\n \t\t<div class=\"prDateRow\">\n      \t\t<div class=\"afs-PRDate\">11\/27\/2025<\/div>\n      \t<\/div>\n   \t\t<div class=\"afs-PRTools\">\n        \t     \t\t<ul>\n    \t\t\t<li class=\"hideFromGrid last\"><a class=\"showSummary\" href=\"#\"><span class=\"fa fa-plus-square\"><\/span>&nbsp;Resumo<\/a><\/li>\n \t\t\t<\/ul>\n              \t\t\t<div class=\"clearfix\"><\/div>\n    \t<\/div>\n\n \t\t<div class=\"afs-PRSummary afs-Hidden\">\n\t\t\t<p>\"Entrevista Gilmar Mendes\"UFPA EntrevistaR\u00e1dio Web UFPA REITOR FAZ BALAN\u00c7O DA PARTICIPA\u00c7\u00c3O DA UFPA NA COP 30 E ANUNCIA NOVO CAMPUS EM CAPANEMA Em entrevista especial \u00e0 R\u00e1dio Web...<\/p>\n   \t\t\t\t<a href=\"https:\/\/radio.ufpa.br\/index.php\/ufpa-entrevista\/reitor-faz-balanco-da-participacao-da-ufpa-na-cop-30\/\" class=\"afs-EventTracking afs-GaHasTitle\" data-GaTitle=\"HTM\"><span class=\"fa fa-chevron-right\"><\/span>&nbsp;Leia mais<\/a>\n      \t<\/div>\n    \t\n<\/div><div class=\"clearfix\"><\/div><\/div><div class=\"row\">\t<div class=\"col-xs-12\">\t\tExibindo 1 de <span id=\"pageLastRecord\">10<\/span> (de <span id=\"recordCount\">1225<\/span>)\t<\/div>\t<div class=\"clearfix\"><\/div><\/div><div class=\"row\">\t <div class=\"col-md-12\"><div class=\"post-nav\"><ul class=\"pagination pull-right\"><li><a class=\"btn btn-primary\" href=\"https:\/\/radio.ufpa.br\/index.php\/wp-json\/wp\/v2\/pages\/165\/\">1<\/a><\/li><li><a class=\"btn-default btn\" href=\"https:\/\/radio.ufpa.br\/index.php\/wp-json\/wp\/v2\/pages\/165\/page\/2\/\"> 2<\/a><\/li><li><a class=\"btn-default btn\" href=\"https:\/\/radio.ufpa.br\/index.php\/wp-json\/wp\/v2\/pages\/165\/page\/3\/\"> 3<\/a><\/li><li><a class=\"btn-default btn\" href=\"https:\/\/radio.ufpa.br\/index.php\/wp-json\/wp\/v2\/pages\/165\/page\/4\/\"> 4<\/a><\/li><li><a class=\"btn-default btn\" href=\"https:\/\/radio.ufpa.br\/index.php\/wp-json\/wp\/v2\/pages\/165\/page\/5\/\"> 5<\/a><\/li><li><a class=\"btn-default btn\" href=\"https:\/\/radio.ufpa.br\/index.php\/wp-json\/wp\/v2\/pages\/165\/page\/6\/\"> 6<\/a><\/li><li><a class=\"btn-default btn\" href=\"https:\/\/radio.ufpa.br\/index.php\/wp-json\/wp\/v2\/pages\/165\/page\/7\/\"> 7<\/a><\/li><li><a class=\"btn-default btn\" href=\"https:\/\/radio.ufpa.br\/index.php\/wp-json\/wp\/v2\/pages\/165\/page\/8\/\"> 8<\/a><\/li><li><a class=\"btn-default btn\" href=\"https:\/\/radio.ufpa.br\/index.php\/wp-json\/wp\/v2\/pages\/165\/page\/9\/\"> 9<\/a><\/li><li><a class=\"btn-default btn\" href=\"https:\/\/radio.ufpa.br\/index.php\/wp-json\/wp\/v2\/pages\/165\/page\/10\/\">10<\/a><\/li><li><a class=\"btn-default btn\" href=\"2\" title=\"next\"><i class=\"fa fa-angle-double-right\"><\/i><\/a><\/li><\/ul><\/div>\t<\/div><\/div>\t\t\t\t\t\t\t\t\t\t<div class=\"clearfix\"><\/div>\t\t\t\t\t\t\t\t\t<\/div>\t\t\t\t\t\t\t\t\t<div class=\"clearfix\"><\/div>\t\t\t\t\t\t\t\t<\/div>\t\t\t\t\t\t\t\t<div class=\"clearfix\"><\/div>\t\t\t\t\t\t\t<\/div>\t\t\t\t\t\t<\/div>\t\t\t\t\t<\/div>\t\t\t\t<\/div>\t\t\t\t<div class=\"clearfix\"><\/div>        \t<\/div>    \t<\/form>\t<\/div><\/div>\n","protected":false},"excerpt":{"rendered":"","protected":false},"author":2,"featured_media":0,"parent":0,"menu_order":0,"comment_status":"closed","ping_status":"closed","template":"","meta":{"_acf_changed":false,"_exactmetrics_skip_tracking":false,"_exactmetrics_sitenote_active":false,"_exactmetrics_sitenote_note":"","_exactmetrics_sitenote_category":0,"_monsterinsights_skip_tracking":false,"_monsterinsights_sitenote_active":false,"_monsterinsights_sitenote_note":"","_monsterinsights_sitenote_category":0,"_uf_show_specific_survey":0,"_uf_disable_surveys":false,"jetpack_post_was_ever_published":false,"footnotes":""},"class_list":["post-165","page","type-page","status-publish","hentry"],"acf":[],"yoast_head":"<!-- This site is optimized with the Yoast SEO plugin v25.1 - https:\/\/yoast.com\/wordpress\/plugins\/seo\/ -->\n<title>Acervo - Radio Web UFPA<\/title>\n<meta name=\"robots\" content=\"index, follow, max-snippet:-1, max-image-preview:large, max-video-preview:-1\" \/>\n<link rel=\"canonical\" href=\"https:\/\/radio.ufpa.br\/index.php\/acervo\/\" \/>\n<meta property=\"og:locale\" content=\"pt_BR\" \/>\n<meta property=\"og:type\" content=\"article\" \/>\n<meta property=\"og:title\" content=\"Acervo - Radio Web UFPA\" \/>\n<meta property=\"og:url\" content=\"https:\/\/radio.ufpa.br\/index.php\/acervo\/\" \/>\n<meta property=\"og:site_name\" content=\"Radio Web UFPA\" \/>\n<meta property=\"article:publisher\" content=\"https:\/\/www.facebook.com\/radiowebufpa\" \/>\n<meta property=\"article:modified_time\" content=\"2017-07-27T18:28:22+00:00\" \/>\n<meta property=\"og:image\" content=\"http:\/\/radio.ufpa.br\/wp-content\/uploads\/2020\/04\/radiowebufpa.jpg\" \/>\n<meta name=\"twitter:card\" content=\"summary_large_image\" \/>\n<meta name=\"twitter:site\" content=\"@radiowebufpa\" \/>\n<script type=\"application\/ld+json\" class=\"yoast-schema-graph\">{\"@context\":\"https:\/\/schema.org\",\"@graph\":[{\"@type\":\"WebPage\",\"@id\":\"https:\/\/radio.ufpa.br\/index.php\/acervo\/\",\"url\":\"https:\/\/radio.ufpa.br\/index.php\/acervo\/\",\"name\":\"Acervo - Radio Web UFPA\",\"isPartOf\":{\"@id\":\"https:\/\/radio.ufpa.br\/#website\"},\"datePublished\":\"2017-06-29T17:12:24+00:00\",\"dateModified\":\"2017-07-27T18:28:22+00:00\",\"breadcrumb\":{\"@id\":\"https:\/\/radio.ufpa.br\/index.php\/acervo\/#breadcrumb\"},\"inLanguage\":\"pt-BR\",\"potentialAction\":[{\"@type\":\"ReadAction\",\"target\":[\"https:\/\/radio.ufpa.br\/index.php\/acervo\/\"]}]},{\"@type\":\"BreadcrumbList\",\"@id\":\"https:\/\/radio.ufpa.br\/index.php\/acervo\/#breadcrumb\",\"itemListElement\":[{\"@type\":\"ListItem\",\"position\":1,\"name\":\"In\u00edcio\",\"item\":\"https:\/\/radio.ufpa.br\/\"},{\"@type\":\"ListItem\",\"position\":2,\"name\":\"Acervo\"}]},{\"@type\":\"WebSite\",\"@id\":\"https:\/\/radio.ufpa.br\/#website\",\"url\":\"https:\/\/radio.ufpa.br\/\",\"name\":\"Radio Web UFPA\",\"description\":\"Divulgando o conhecimento\",\"publisher\":{\"@id\":\"https:\/\/radio.ufpa.br\/#organization\"},\"potentialAction\":[{\"@type\":\"SearchAction\",\"target\":{\"@type\":\"EntryPoint\",\"urlTemplate\":\"https:\/\/radio.ufpa.br\/?s={search_term_string}\"},\"query-input\":{\"@type\":\"PropertyValueSpecification\",\"valueRequired\":true,\"valueName\":\"search_term_string\"}}],\"inLanguage\":\"pt-BR\"},{\"@type\":\"Organization\",\"@id\":\"https:\/\/radio.ufpa.br\/#organization\",\"name\":\"UNIVERSIDADE FEDERAL DO PAR\u00c1-R\u00c1DIO WEB UFPA\",\"url\":\"https:\/\/radio.ufpa.br\/\",\"logo\":{\"@type\":\"ImageObject\",\"inLanguage\":\"pt-BR\",\"@id\":\"https:\/\/radio.ufpa.br\/#\/schema\/logo\/image\/\",\"url\":\"https:\/\/i0.wp.com\/radio.ufpa.br\/wp-content\/uploads\/2025\/12\/images-removebg-preview.png?fit=417%2C121&ssl=1\",\"contentUrl\":\"https:\/\/i0.wp.com\/radio.ufpa.br\/wp-content\/uploads\/2025\/12\/images-removebg-preview.png?fit=417%2C121&ssl=1\",\"width\":417,\"height\":121,\"caption\":\"UNIVERSIDADE FEDERAL DO PAR\u00c1-R\u00c1DIO WEB UFPA\"},\"image\":{\"@id\":\"https:\/\/radio.ufpa.br\/#\/schema\/logo\/image\/\"},\"sameAs\":[\"https:\/\/www.facebook.com\/radiowebufpa\",\"https:\/\/x.com\/radiowebufpa\",\"https:\/\/www.instagram.com\/radiowebufpa\/\",\"https:\/\/www.youtube.com\/user\/RadioWebUFP4\"]}]}<\/script>\n<!-- \/ Yoast SEO plugin. -->","yoast_head_json":{"title":"Acervo - Radio Web UFPA","robots":{"index":"index","follow":"follow","max-snippet":"max-snippet:-1","max-image-preview":"max-image-preview:large","max-video-preview":"max-video-preview:-1"},"canonical":"https:\/\/radio.ufpa.br\/index.php\/acervo\/","og_locale":"pt_BR","og_type":"article","og_title":"Acervo - Radio Web UFPA","og_url":"https:\/\/radio.ufpa.br\/index.php\/acervo\/","og_site_name":"Radio Web UFPA","article_publisher":"https:\/\/www.facebook.com\/radiowebufpa","article_modified_time":"2017-07-27T18:28:22+00:00","og_image":[{"url":"http:\/\/radio.ufpa.br\/wp-content\/uploads\/2020\/04\/radiowebufpa.jpg","type":"","width":"","height":""}],"twitter_card":"summary_large_image","twitter_site":"@radiowebufpa","schema":{"@context":"https:\/\/schema.org","@graph":[{"@type":"WebPage","@id":"https:\/\/radio.ufpa.br\/index.php\/acervo\/","url":"https:\/\/radio.ufpa.br\/index.php\/acervo\/","name":"Acervo - Radio Web UFPA","isPartOf":{"@id":"https:\/\/radio.ufpa.br\/#website"},"datePublished":"2017-06-29T17:12:24+00:00","dateModified":"2017-07-27T18:28:22+00:00","breadcrumb":{"@id":"https:\/\/radio.ufpa.br\/index.php\/acervo\/#breadcrumb"},"inLanguage":"pt-BR","potentialAction":[{"@type":"ReadAction","target":["https:\/\/radio.ufpa.br\/index.php\/acervo\/"]}]},{"@type":"BreadcrumbList","@id":"https:\/\/radio.ufpa.br\/index.php\/acervo\/#breadcrumb","itemListElement":[{"@type":"ListItem","position":1,"name":"In\u00edcio","item":"https:\/\/radio.ufpa.br\/"},{"@type":"ListItem","position":2,"name":"Acervo"}]},{"@type":"WebSite","@id":"https:\/\/radio.ufpa.br\/#website","url":"https:\/\/radio.ufpa.br\/","name":"Radio Web UFPA","description":"Divulgando o conhecimento","publisher":{"@id":"https:\/\/radio.ufpa.br\/#organization"},"potentialAction":[{"@type":"SearchAction","target":{"@type":"EntryPoint","urlTemplate":"https:\/\/radio.ufpa.br\/?s={search_term_string}"},"query-input":{"@type":"PropertyValueSpecification","valueRequired":true,"valueName":"search_term_string"}}],"inLanguage":"pt-BR"},{"@type":"Organization","@id":"https:\/\/radio.ufpa.br\/#organization","name":"UNIVERSIDADE FEDERAL DO PAR\u00c1-R\u00c1DIO WEB UFPA","url":"https:\/\/radio.ufpa.br\/","logo":{"@type":"ImageObject","inLanguage":"pt-BR","@id":"https:\/\/radio.ufpa.br\/#\/schema\/logo\/image\/","url":"https:\/\/i0.wp.com\/radio.ufpa.br\/wp-content\/uploads\/2025\/12\/images-removebg-preview.png?fit=417%2C121&ssl=1","contentUrl":"https:\/\/i0.wp.com\/radio.ufpa.br\/wp-content\/uploads\/2025\/12\/images-removebg-preview.png?fit=417%2C121&ssl=1","width":417,"height":121,"caption":"UNIVERSIDADE FEDERAL DO PAR\u00c1-R\u00c1DIO WEB UFPA"},"image":{"@id":"https:\/\/radio.ufpa.br\/#\/schema\/logo\/image\/"},"sameAs":["https:\/\/www.facebook.com\/radiowebufpa","https:\/\/x.com\/radiowebufpa","https:\/\/www.instagram.com\/radiowebufpa\/","https:\/\/www.youtube.com\/user\/RadioWebUFP4"]}]}},"jetpack_shortlink":"https:\/\/wp.me\/P8TJeA-2F","jetpack_likes_enabled":true,"jetpack-related-posts":[],"jetpack_sharing_enabled":true,"_links":{"self":[{"href":"https:\/\/radio.ufpa.br\/index.php\/wp-json\/wp\/v2\/pages\/165","targetHints":{"allow":["GET"]}}],"collection":[{"href":"https:\/\/radio.ufpa.br\/index.php\/wp-json\/wp\/v2\/pages"}],"about":[{"href":"https:\/\/radio.ufpa.br\/index.php\/wp-json\/wp\/v2\/types\/page"}],"author":[{"embeddable":true,"href":"https:\/\/radio.ufpa.br\/index.php\/wp-json\/wp\/v2\/users\/2"}],"replies":[{"embeddable":true,"href":"https:\/\/radio.ufpa.br\/index.php\/wp-json\/wp\/v2\/comments?post=165"}],"version-history":[{"count":8,"href":"https:\/\/radio.ufpa.br\/index.php\/wp-json\/wp\/v2\/pages\/165\/revisions"}],"predecessor-version":[{"id":1235,"href":"https:\/\/radio.ufpa.br\/index.php\/wp-json\/wp\/v2\/pages\/165\/revisions\/1235"}],"wp:attachment":[{"href":"https:\/\/radio.ufpa.br\/index.php\/wp-json\/wp\/v2\/media?parent=165"}],"curies":[{"name":"wp","href":"https:\/\/api.w.org\/{rel}","templated":true}]}}